{"id":882,"date":"2022-07-03T18:13:47","date_gmt":"2022-07-03T15:13:47","guid":{"rendered":"https:\/\/legio.fi\/?page_id=882"},"modified":"2026-01-19T22:16:08","modified_gmt":"2026-01-19T20:16:08","slug":"vuosijuhlaviikko","status":"publish","type":"page","link":"https:\/\/legio.fi\/en\/vuosijuhlaviikko\/","title":{"rendered":"Anniversary week"},"content":{"rendered":"<div data-elementor-type=\"wp-page\" data-elementor-id=\"882\" class=\"elementor elementor-882\">\n\t\t\t\t\t\t<section class=\"elementor-section elementor-top-section elementor-element elementor-element-5131a13e elementor-section-height-min-height elementor-section-full_width elementor-section-height-default elementor-section-items-middle\" data-id=\"5131a13e\" data-element_type=\"section\" data-e-type=\"section\" data-settings=\"{&quot;background_background&quot;:&quot;classic&quot;}\">\n\t\t\t\t\t\t\t<div class=\"elementor-background-overlay\"><\/div>\n\t\t\t\t\t\t\t<div class=\"elementor-container elementor-column-gap-default\">\n\t\t\t\t\t<div class=\"elementor-column elementor-col-100 elementor-top-column elementor-element elementor-element-1053ca7a\" data-id=\"1053ca7a\" data-element_type=\"column\" data-e-type=\"column\">\n\t\t\t<div class=\"elementor-widget-wrap elementor-element-populated\">\n\t\t\t\t\t\t<div class=\"elementor-element elementor-element-3d99e122 elementor-widget elementor-widget-heading\" data-id=\"3d99e122\" data-element_type=\"widget\" data-e-type=\"widget\" data-widget_type=\"heading.default\">\n\t\t\t\t<div class=\"elementor-widget-container\">\n\t\t\t\t\t<h1 class=\"elementor-heading-title elementor-size-default\">LEGIO OSTIENSIS RY\nANNIVERSARY CELEBRATION<\/h1>\t\t\t\t<\/div>\n\t\t\t\t<\/div>\n\t\t\t\t\t<\/div>\n\t\t<\/div>\n\t\t\t\t\t<\/div>\n\t\t<\/section>\n\t\t\t\t<section class=\"elementor-section elementor-top-section elementor-element elementor-element-a9e8fc1 elementor-section-boxed elementor-section-height-default elementor-section-height-default\" data-id=\"a9e8fc1\" data-element_type=\"section\" data-e-type=\"section\" data-settings=\"{&quot;background_background&quot;:&quot;classic&quot;}\">\n\t\t\t\t\t\t\t<div class=\"elementor-background-overlay\"><\/div>\n\t\t\t\t\t\t\t<div class=\"elementor-container elementor-column-gap-default\">\n\t\t\t\t\t<div class=\"elementor-column elementor-col-100 elementor-top-column elementor-element elementor-element-7ea3322\" data-id=\"7ea3322\" data-element_type=\"column\" data-e-type=\"column\" data-settings=\"{&quot;background_background&quot;:&quot;classic&quot;}\">\n\t\t\t<div class=\"elementor-widget-wrap elementor-element-populated\">\n\t\t\t\t\t<div class=\"elementor-background-overlay\"><\/div>\n\t\t\t\t\t\t<div class=\"elementor-element elementor-element-57156e3 elementor-widget elementor-widget-spacer\" data-id=\"57156e3\" data-element_type=\"widget\" data-e-type=\"widget\" data-widget_type=\"spacer.default\">\n\t\t\t\t<div class=\"elementor-widget-container\">\n\t\t\t\t\t\t\t<div class=\"elementor-spacer\">\n\t\t\t<div class=\"elementor-spacer-inner\"><\/div>\n\t\t<\/div>\n\t\t\t\t\t\t<\/div>\n\t\t\t\t<\/div>\n\t\t\t\t<div class=\"elementor-element elementor-element-8bda865 elementor-widget elementor-widget-text-editor\" data-id=\"8bda865\" data-element_type=\"widget\" data-e-type=\"widget\" data-widget_type=\"text-editor.default\">\n\t\t\t\t<div class=\"elementor-widget-container\">\n\t\t\t\t\t\t\t\t\t<p style=\"text-align: center;\"><em>Seuraavan kerran vuosijuhlia vietet\u00e4\u00e4n 31.10.2026. Legio t\u00e4ytt\u00e4\u00e4 29 vuotta!<\/em><\/p>\t\t\t\t\t\t\t\t<\/div>\n\t\t\t\t<\/div>\n\t\t\t\t<div class=\"elementor-element elementor-element-89c3c8c elementor-widget elementor-widget-spacer\" data-id=\"89c3c8c\" data-element_type=\"widget\" data-e-type=\"widget\" data-widget_type=\"spacer.default\">\n\t\t\t\t<div class=\"elementor-widget-container\">\n\t\t\t\t\t\t\t<div class=\"elementor-spacer\">\n\t\t\t<div class=\"elementor-spacer-inner\"><\/div>\n\t\t<\/div>\n\t\t\t\t\t\t<\/div>\n\t\t\t\t<\/div>\n\t\t\t\t<div class=\"elementor-element elementor-element-88be81c elementor-widget elementor-widget-heading\" data-id=\"88be81c\" data-element_type=\"widget\" data-e-type=\"widget\" data-widget_type=\"heading.default\">\n\t\t\t\t<div class=\"elementor-widget-container\">\n\t\t\t\t\t<h2 class=\"elementor-heading-title elementor-size-default\">Aika Legion vuosijuhliin<\/h2>\t\t\t\t<\/div>\n\t\t\t\t<\/div>\n\t\t\t\t<div class=\"elementor-element elementor-element-37ffbbd elementor-widget elementor-widget-eael-countdown\" data-id=\"37ffbbd\" data-element_type=\"widget\" data-e-type=\"widget\" data-widget_type=\"eael-countdown.default\">\n\t\t\t\t<div class=\"elementor-widget-container\">\n\t\t\t\t\t\n\t\t<div class=\"eael-countdown-wrapper\" data-countdown-id=\"37ffbbd\" data-expire-type=\"none\" data-countdown-type=\"due_date\">\n\t\t\t<div class=\"eael-countdown-container eael-countdown-label-block\">\n                                    <ul id=\"eael-countdown-37ffbbd\" class=\"eael-countdown-items\" data-date=\"Oct 31 2026 17:00:00 +3\">\n                        <li class=\"eael-countdown-item\"><div class=\"eael-countdown-days\"><span data-days class=\"eael-countdown-digits\">00<\/span><span class=\"eael-countdown-label\">Days<\/span><\/div><\/li>                        <li class=\"eael-countdown-item\"><div class=\"eael-countdown-hours\"><span data-hours class=\"eael-countdown-digits\">00<\/span><span class=\"eael-countdown-label\">Hours<\/span><\/div><\/li>                        <li class=\"eael-countdown-item\"><div class=\"eael-countdown-minutes\"><span data-minutes class=\"eael-countdown-digits\">00<\/span><span class=\"eael-countdown-label\">Minutes<\/span><\/div><\/li>                        <li class=\"eael-countdown-item\"><div class=\"eael-countdown-seconds\"><span data-seconds class=\"eael-countdown-digits\">00<\/span><span class=\"eael-countdown-label\">Seconds<\/span><\/div><\/li>                    <\/ul>\n                    <div class=\"eael-countdown-expiry-template\" style=\"display: none;\">\n                                            <\/div>\n               \n\t\t\t    <div class=\"clearfix\"><\/div>\n\t\t\t<\/div>\n\t\t<\/div>\n\n\t\t\t\t\t<\/div>\n\t\t\t\t<\/div>\n\t\t\t\t<div class=\"elementor-element elementor-element-887b077 elementor-widget elementor-widget-spacer\" data-id=\"887b077\" data-element_type=\"widget\" data-e-type=\"widget\" data-widget_type=\"spacer.default\">\n\t\t\t\t<div class=\"elementor-widget-container\">\n\t\t\t\t\t\t\t<div class=\"elementor-spacer\">\n\t\t\t<div class=\"elementor-spacer-inner\"><\/div>\n\t\t<\/div>\n\t\t\t\t\t\t<\/div>\n\t\t\t\t<\/div>\n\t\t\t\t<div class=\"elementor-element elementor-element-f786449 elementor-widget elementor-widget-text-editor\" data-id=\"f786449\" data-element_type=\"widget\" data-e-type=\"widget\" data-widget_type=\"text-editor.default\">\n\t\t\t\t<div class=\"elementor-widget-container\">\n\t\t\t\t\t\t\t\t\t<p style=\"text-align: center;\">The Legio's annual celebration is traditionally organized in the fall, at the turn of October or November. In addition to legio's members, avecs and invited guests are welcome to join the party.<\/p><p style=\"text-align: center;\">The Legio's annual celebration is our organization's most valuable academic occasion, where we behave accordingly. That's why it's good, especially for those attending the anniversary party for the first time, to familiarize themselves with the etiquette. However, the etiquette should not cause unnecessary stress, it is intended to reduce confusion and uncertainty. The most important thing is to try to behave in a festive and dignified manner, politely considering fellow participants.\u00a0<\/p><p class=\"mbr-section-subtitle align-center mbr-light mbr-fonts-style display-7 translation-block\" style=\"text-align: center;\">Whether you are a new or an old student, while you are waiting for the annual party, you can familiarize yourself with the <a class=\"text-primary\" href=\"https:\/\/legio.fi\/en\/vujuketti.html\/\" target=\"_self\">etiquette<\/a> of the Legion annual party.<\/p><p style=\"text-align: center;\">Or practice folding cognac ears:<\/p><ol><li style=\"list-style-type: none;\"><ol><li style=\"list-style-type: none;\"><ol><li style=\"list-style-type: none;\"><ol><li style=\"list-style-type: none;\"><ol><li style=\"list-style-type: none;\"><ol><li style=\"text-align: left;\">Fold the edges of your square napkin in the middle so that the width of the napkin should be one third of the original width.<\/li><li style=\"text-align: left;\">Turn the cloth over by placing the fold you just made against the table.<\/li><li style=\"text-align: left;\">Fold the cloth in half, then you have folded your cloth into a square shape again. All corners should now be on the same edge.<\/li><li style=\"text-align: left;\">Grab all the corners with your fingers at the same time and pull them apart.<\/li><li style=\"text-align: left;\">Turn the opened cloth upside down and put it on your head.<\/li><\/ol><\/li><\/ol><\/li><\/ol><\/li><\/ol><\/li><\/ol><\/li><\/ol>\t\t\t\t\t\t\t\t<\/div>\n\t\t\t\t<\/div>\n\t\t\t\t<div class=\"elementor-element elementor-element-699f55d elementor-widget elementor-widget-spacer\" data-id=\"699f55d\" data-element_type=\"widget\" data-e-type=\"widget\" data-widget_type=\"spacer.default\">\n\t\t\t\t<div class=\"elementor-widget-container\">\n\t\t\t\t\t\t\t<div class=\"elementor-spacer\">\n\t\t\t<div class=\"elementor-spacer-inner\"><\/div>\n\t\t<\/div>\n\t\t\t\t\t\t<\/div>\n\t\t\t\t<\/div>\n\t\t\t\t<div class=\"elementor-element elementor-element-3c144fa elementor-widget elementor-widget-heading\" data-id=\"3c144fa\" data-element_type=\"widget\" data-e-type=\"widget\" data-widget_type=\"heading.default\">\n\t\t\t\t<div class=\"elementor-widget-container\">\n\t\t\t\t\t<h2 class=\"elementor-heading-title elementor-size-default\">Anniversary pictures<\/h2>\t\t\t\t<\/div>\n\t\t\t\t<\/div>\n\t\t\t\t<div class=\"elementor-element elementor-element-4908b20 elementor-widget elementor-widget-text-editor\" data-id=\"4908b20\" data-element_type=\"widget\" data-e-type=\"widget\" data-widget_type=\"text-editor.default\">\n\t\t\t\t<div class=\"elementor-widget-container\">\n\t\t\t\t\t\t\t\t\t<p class=\"mbr-section-subtitle align-center mbr-light mbr-fonts-style display-7 translation-block\" style=\"text-align: center;\">You can view photos from previous annual celebrations in the Legio's <a href=\"https:\/\/legio.fi\/en\/kuvagalleria\/\" target=\"_self\">photogallery<\/a><\/p>\t\t\t\t\t\t\t\t<\/div>\n\t\t\t\t<\/div>\n\t\t\t\t<div class=\"elementor-element elementor-element-39618a8 elementor-widget elementor-widget-spacer\" data-id=\"39618a8\" data-element_type=\"widget\" data-e-type=\"widget\" data-widget_type=\"spacer.default\">\n\t\t\t\t<div class=\"elementor-widget-container\">\n\t\t\t\t\t\t\t<div class=\"elementor-spacer\">\n\t\t\t<div class=\"elementor-spacer-inner\"><\/div>\n\t\t<\/div>\n\t\t\t\t\t\t<\/div>\n\t\t\t\t<\/div>\n\t\t\t\t\t<\/div>\n\t\t<\/div>\n\t\t\t\t\t<\/div>\n\t\t<\/section>\n\t\t\t\t<section class=\"elementor-section elementor-top-section elementor-element elementor-element-bdf5201 elementor-section-boxed elementor-section-height-default elementor-section-height-default\" data-id=\"bdf5201\" data-element_type=\"section\" data-e-type=\"section\" data-settings=\"{&quot;background_background&quot;:&quot;classic&quot;}\">\n\t\t\t\t\t\t<div class=\"elementor-container elementor-column-gap-default\">\n\t\t\t\t\t<div class=\"elementor-column elementor-col-100 elementor-top-column elementor-element elementor-element-404c4d9\" data-id=\"404c4d9\" data-element_type=\"column\" data-e-type=\"column\" data-settings=\"{&quot;background_background&quot;:&quot;classic&quot;}\">\n\t\t\t<div class=\"elementor-widget-wrap elementor-element-populated\">\n\t\t\t\t\t<div class=\"elementor-background-overlay\"><\/div>\n\t\t\t\t\t\t<div class=\"elementor-element elementor-element-23d9db5 elementor-widget elementor-widget-spacer\" data-id=\"23d9db5\" data-element_type=\"widget\" data-e-type=\"widget\" data-widget_type=\"spacer.default\">\n\t\t\t\t<div class=\"elementor-widget-container\">\n\t\t\t\t\t\t\t<div class=\"elementor-spacer\">\n\t\t\t<div class=\"elementor-spacer-inner\"><\/div>\n\t\t<\/div>\n\t\t\t\t\t\t<\/div>\n\t\t\t\t<\/div>\n\t\t\t\t<div class=\"elementor-element elementor-element-ece0db5 elementor-widget elementor-widget-heading\" data-id=\"ece0db5\" data-element_type=\"widget\" data-e-type=\"widget\" data-widget_type=\"heading.default\">\n\t\t\t\t<div class=\"elementor-widget-container\">\n\t\t\t\t\t<h2 class=\"elementor-heading-title elementor-size-default\">Program of the anniversary week<\/h2>\t\t\t\t<\/div>\n\t\t\t\t<\/div>\n\t\t\t\t<div class=\"elementor-element elementor-element-5dd3c3b elementor-widget elementor-widget-MEC\" data-id=\"5dd3c3b\" data-element_type=\"widget\" data-e-type=\"widget\" data-widget_type=\"MEC.default\">\n\t\t\t\t<div class=\"elementor-widget-container\">\n\t\t\t\t\t<div class=\"mec-wrap mec-skin-list-container\" id=\"mec_skin_1767\">\r\n\r\n    \r\n        <div class=\"mec-skin-list-events-container\" id=\"mec_skin_events_1767\">\r\n        No event found!    <\/div>\r\n    \r\n    \r\n<\/div>\t\t\t\t<\/div>\n\t\t\t\t<\/div>\n\t\t\t\t<div class=\"elementor-element elementor-element-980fa2f elementor-widget elementor-widget-spacer\" data-id=\"980fa2f\" data-element_type=\"widget\" data-e-type=\"widget\" data-widget_type=\"spacer.default\">\n\t\t\t\t<div class=\"elementor-widget-container\">\n\t\t\t\t\t\t\t<div class=\"elementor-spacer\">\n\t\t\t<div class=\"elementor-spacer-inner\"><\/div>\n\t\t<\/div>\n\t\t\t\t\t\t<\/div>\n\t\t\t\t<\/div>\n\t\t\t\t\t<\/div>\n\t\t<\/div>\n\t\t\t\t\t<\/div>\n\t\t<\/section>\n\t\t\t\t<\/div>","protected":false},"excerpt":{"rendered":"<p>LEGIO OSTIENSIS RY:N VUOSIJUHLAT Seuraavan kerran vuosijuhlia vietet\u00e4\u00e4n 31.10.2026. Legio t\u00e4ytt\u00e4\u00e4 29 vuotta! Aika Legion vuosijuhliin 00P\u00e4iv\u00e4\u00e4 00Tuntia 00Minuuttia 00Sekunttia Legion vuosijuhla on perinteisesti j\u00e4rjestetty syksyll\u00e4 loka-marraskuun vaihteessa. Juhlaan ovat legiolaisten lis\u00e4ksi tervetulleita avecit ja kutsuvieraat. Legion vuosijuhla on j\u00e4rjest\u00f6mme arvokkain akateeminen tilaisuus, jossa k\u00e4ytt\u00e4ydyt\u00e4\u00e4n sen mukaisesti. Siksi etenkin ensimm\u00e4ist\u00e4 kertaa vuosijuhlaan osallistuvan on hyv\u00e4 [&hellip;]<\/p>\n","protected":false},"author":4,"featured_media":0,"parent":0,"menu_order":0,"comment_status":"closed","ping_status":"closed","template":"elementor_header_footer","meta":{"site-sidebar-layout":"no-sidebar","site-content-layout":"page-builder","ast-site-content-layout":"default","site-content-style":"default","site-sidebar-style":"default","ast-global-header-display":"","ast-banner-title-visibility":"","ast-main-header-display":"","ast-hfb-above-header-display":"","ast-hfb-below-header-display":"","ast-hfb-mobile-header-display":"","site-post-title":"disabled","ast-breadcrumbs-content":"","ast-featured-img":"","footer-sml-layout":"","ast-disable-related-posts":"","theme-transparent-header-meta":"enabled","adv-header-id-meta":"","stick-header-meta":"","header-above-stick-meta":"","header-main-stick-meta":"","header-below-stick-meta":"","astra-migrate-meta-layouts":"default","ast-page-background-enabled":"default","ast-page-background-meta":{"desktop":{"background-color":"","background-image":"","background-repeat":"repeat","background-position":"center center","background-size":"auto","background-attachment":"scroll","background-type":"","background-media":"","overlay-type":"","overlay-color":"","overlay-opacity":"","overlay-gradient":""},"tablet":{"background-color":"","background-image":"","background-repeat":"repeat","background-position":"center center","background-size":"auto","background-attachment":"scroll","background-type":"","background-media":"","overlay-type":"","overlay-color":"","overlay-opacity":"","overlay-gradient":""},"mobile":{"background-color":"","background-image":"","background-repeat":"repeat","background-position":"center center","background-size":"auto","background-attachment":"scroll","background-type":"","background-media":"","overlay-type":"","overlay-color":"","overlay-opacity":"","overlay-gradient":""}},"ast-content-background-meta":{"desktop":{"background-color":"var(--ast-global-color-5)","background-image":"","background-repeat":"repeat","background-position":"center center","background-size":"auto","background-attachment":"scroll","background-type":"","background-media":"","overlay-type":"","overlay-color":"","overlay-opacity":"","overlay-gradient":""},"tablet":{"background-color":"var(--ast-global-color-5)","background-image":"","background-repeat":"repeat","background-position":"center center","background-size":"auto","background-attachment":"scroll","background-type":"","background-media":"","overlay-type":"","overlay-color":"","overlay-opacity":"","overlay-gradient":""},"mobile":{"background-color":"var(--ast-global-color-5)","background-image":"","background-repeat":"repeat","background-position":"center center","background-size":"auto","background-attachment":"scroll","background-type":"","background-media":"","overlay-type":"","overlay-color":"","overlay-opacity":"","overlay-gradient":""}},"footnotes":""},"class_list":["post-882","page","type-page","status-publish","hentry"],"yoast_head":"<!-- This site is optimized with the Yoast SEO plugin v27.3 - https:\/\/yoast.com\/product\/yoast-seo-wordpress\/ -->\n<title>Vuosijuhlaviikko - Legio Ostiensis ry<\/title>\n<meta name=\"description\" content=\"Legion vuosijuhlat ja vuosijuhlaviikko\" \/>\n<meta name=\"robots\" content=\"index, follow, max-snippet:-1, max-image-preview:large, max-video-preview:-1\" \/>\n<link rel=\"canonical\" href=\"https:\/\/legio.fi\/en\/vuosijuhlaviikko\/\" \/>\n<meta property=\"og:locale\" content=\"en_GB\" \/>\n<meta property=\"og:type\" content=\"article\" \/>\n<meta property=\"og:title\" content=\"Vuosijuhlaviikko - Legio Ostiensis ry\" \/>\n<meta property=\"og:description\" content=\"Legion vuosijuhlat ja vuosijuhlaviikko\" \/>\n<meta property=\"og:url\" content=\"https:\/\/legio.fi\/en\/vuosijuhlaviikko\/\" \/>\n<meta property=\"og:site_name\" content=\"Legio Ostiensis ry\" \/>\n<meta property=\"article:publisher\" content=\"https:\/\/www.facebook.com\/legioostiensis\/\" \/>\n<meta property=\"article:modified_time\" content=\"2026-01-19T20:16:08+00:00\" \/>\n<meta name=\"twitter:card\" content=\"summary_large_image\" \/>\n<meta name=\"twitter:site\" content=\"@legiory\" \/>\n<meta name=\"twitter:label1\" content=\"Estimated reading time\" \/>\n\t<meta name=\"twitter:data1\" content=\"2 minutes\" \/>\n<script type=\"application\/ld+json\" class=\"yoast-schema-graph\">{\"@context\":\"https:\\\/\\\/schema.org\",\"@graph\":[{\"@type\":\"WebPage\",\"@id\":\"https:\\\/\\\/legio.fi\\\/vuosijuhlaviikko\\\/\",\"url\":\"https:\\\/\\\/legio.fi\\\/vuosijuhlaviikko\\\/\",\"name\":\"Vuosijuhlaviikko - Legio Ostiensis ry\",\"isPartOf\":{\"@id\":\"https:\\\/\\\/legio.fi\\\/#website\"},\"datePublished\":\"2022-07-03T15:13:47+00:00\",\"dateModified\":\"2026-01-19T20:16:08+00:00\",\"description\":\"Legion vuosijuhlat ja vuosijuhlaviikko\",\"breadcrumb\":{\"@id\":\"https:\\\/\\\/legio.fi\\\/vuosijuhlaviikko\\\/#breadcrumb\"},\"inLanguage\":\"en-GB\",\"potentialAction\":[{\"@type\":\"ReadAction\",\"target\":[\"https:\\\/\\\/legio.fi\\\/vuosijuhlaviikko\\\/\"]}]},{\"@type\":\"BreadcrumbList\",\"@id\":\"https:\\\/\\\/legio.fi\\\/vuosijuhlaviikko\\\/#breadcrumb\",\"itemListElement\":[{\"@type\":\"ListItem\",\"position\":1,\"name\":\"Etusivu\",\"item\":\"https:\\\/\\\/legio.fi\\\/\"},{\"@type\":\"ListItem\",\"position\":2,\"name\":\"Vuosijuhlaviikko\"}]},{\"@type\":\"WebSite\",\"@id\":\"https:\\\/\\\/legio.fi\\\/#website\",\"url\":\"https:\\\/\\\/legio.fi\\\/\",\"name\":\"Legio Ostiensis ry\",\"description\":\"Ainej\u00e4rjest\u00f6 Legio Ostiensis ry\",\"publisher\":{\"@id\":\"https:\\\/\\\/legio.fi\\\/#organization\"},\"potentialAction\":[{\"@type\":\"SearchAction\",\"target\":{\"@type\":\"EntryPoint\",\"urlTemplate\":\"https:\\\/\\\/legio.fi\\\/?s={search_term_string}\"},\"query-input\":{\"@type\":\"PropertyValueSpecification\",\"valueRequired\":true,\"valueName\":\"search_term_string\"}}],\"inLanguage\":\"en-GB\"},{\"@type\":\"Organization\",\"@id\":\"https:\\\/\\\/legio.fi\\\/#organization\",\"name\":\"Legio Ostiensis ry\",\"url\":\"https:\\\/\\\/legio.fi\\\/\",\"logo\":{\"@type\":\"ImageObject\",\"inLanguage\":\"en-GB\",\"@id\":\"https:\\\/\\\/legio.fi\\\/#\\\/schema\\\/logo\\\/image\\\/\",\"url\":\"https:\\\/\\\/legio.fi\\\/wp-content\\\/uploads\\\/2022\\\/06\\\/Punainen-Ei-taustaa-v2-Vekrori-1.svg\",\"contentUrl\":\"https:\\\/\\\/legio.fi\\\/wp-content\\\/uploads\\\/2022\\\/06\\\/Punainen-Ei-taustaa-v2-Vekrori-1.svg\",\"width\":2855,\"height\":1988,\"caption\":\"Legio Ostiensis ry\"},\"image\":{\"@id\":\"https:\\\/\\\/legio.fi\\\/#\\\/schema\\\/logo\\\/image\\\/\"},\"sameAs\":[\"https:\\\/\\\/www.facebook.com\\\/legioostiensis\\\/\",\"https:\\\/\\\/x.com\\\/legiory\",\"https:\\\/\\\/www.instagram.com\\\/legiory\",\"https:\\\/\\\/www.instagram.com\\\/legiorysport\\\/\",\"https:\\\/\\\/fi.linkedin.com\\\/company\\\/legioostiensis\",\"https:\\\/\\\/open.spotify.com\\\/show\\\/5TDVshWa67PMfAp0hY0F9A\",\"https:\\\/\\\/www.tiktok.com\\\/tag\\\/legiory\"]}]}<\/script>\n<!-- \/ Yoast SEO plugin. -->","yoast_head_json":{"title":"Vuosijuhlaviikko - Legio Ostiensis ry","description":"Legion vuosijuhlat ja vuosijuhlaviikko","robots":{"index":"index","follow":"follow","max-snippet":"max-snippet:-1","max-image-preview":"max-image-preview:large","max-video-preview":"max-video-preview:-1"},"canonical":"https:\/\/legio.fi\/en\/vuosijuhlaviikko\/","og_locale":"en_GB","og_type":"article","og_title":"Vuosijuhlaviikko - Legio Ostiensis ry","og_description":"Legion vuosijuhlat ja vuosijuhlaviikko","og_url":"https:\/\/legio.fi\/en\/vuosijuhlaviikko\/","og_site_name":"Legio Ostiensis ry","article_publisher":"https:\/\/www.facebook.com\/legioostiensis\/","article_modified_time":"2026-01-19T20:16:08+00:00","twitter_card":"summary_large_image","twitter_site":"@legiory","twitter_misc":{"Estimated reading time":"2 minutes"},"schema":{"@context":"https:\/\/schema.org","@graph":[{"@type":"WebPage","@id":"https:\/\/legio.fi\/vuosijuhlaviikko\/","url":"https:\/\/legio.fi\/vuosijuhlaviikko\/","name":"Vuosijuhlaviikko - Legio Ostiensis ry","isPartOf":{"@id":"https:\/\/legio.fi\/#website"},"datePublished":"2022-07-03T15:13:47+00:00","dateModified":"2026-01-19T20:16:08+00:00","description":"Legion vuosijuhlat ja vuosijuhlaviikko","breadcrumb":{"@id":"https:\/\/legio.fi\/vuosijuhlaviikko\/#breadcrumb"},"inLanguage":"en-GB","potentialAction":[{"@type":"ReadAction","target":["https:\/\/legio.fi\/vuosijuhlaviikko\/"]}]},{"@type":"BreadcrumbList","@id":"https:\/\/legio.fi\/vuosijuhlaviikko\/#breadcrumb","itemListElement":[{"@type":"ListItem","position":1,"name":"Etusivu","item":"https:\/\/legio.fi\/"},{"@type":"ListItem","position":2,"name":"Vuosijuhlaviikko"}]},{"@type":"WebSite","@id":"https:\/\/legio.fi\/#website","url":"https:\/\/legio.fi\/","name":"Legio Ostiensis ry","description":"Ainej\u00e4rjest\u00f6 Legio Ostiensis ry","publisher":{"@id":"https:\/\/legio.fi\/#organization"},"potentialAction":[{"@type":"SearchAction","target":{"@type":"EntryPoint","urlTemplate":"https:\/\/legio.fi\/?s={search_term_string}"},"query-input":{"@type":"PropertyValueSpecification","valueRequired":true,"valueName":"search_term_string"}}],"inLanguage":"en-GB"},{"@type":"Organization","@id":"https:\/\/legio.fi\/#organization","name":"Legio Ostiensis ry","url":"https:\/\/legio.fi\/","logo":{"@type":"ImageObject","inLanguage":"en-GB","@id":"https:\/\/legio.fi\/#\/schema\/logo\/image\/","url":"https:\/\/legio.fi\/wp-content\/uploads\/2022\/06\/Punainen-Ei-taustaa-v2-Vekrori-1.svg","contentUrl":"https:\/\/legio.fi\/wp-content\/uploads\/2022\/06\/Punainen-Ei-taustaa-v2-Vekrori-1.svg","width":2855,"height":1988,"caption":"Legio Ostiensis ry"},"image":{"@id":"https:\/\/legio.fi\/#\/schema\/logo\/image\/"},"sameAs":["https:\/\/www.facebook.com\/legioostiensis\/","https:\/\/x.com\/legiory","https:\/\/www.instagram.com\/legiory","https:\/\/www.instagram.com\/legiorysport\/","https:\/\/fi.linkedin.com\/company\/legioostiensis","https:\/\/open.spotify.com\/show\/5TDVshWa67PMfAp0hY0F9A","https:\/\/www.tiktok.com\/tag\/legiory"]}]}},"_links":{"self":[{"href":"https:\/\/legio.fi\/en\/wp-json\/wp\/v2\/pages\/882","targetHints":{"allow":["GET"]}}],"collection":[{"href":"https:\/\/legio.fi\/en\/wp-json\/wp\/v2\/pages"}],"about":[{"href":"https:\/\/legio.fi\/en\/wp-json\/wp\/v2\/types\/page"}],"author":[{"embeddable":true,"href":"https:\/\/legio.fi\/en\/wp-json\/wp\/v2\/users\/4"}],"replies":[{"embeddable":true,"href":"https:\/\/legio.fi\/en\/wp-json\/wp\/v2\/comments?post=882"}],"version-history":[{"count":64,"href":"https:\/\/legio.fi\/en\/wp-json\/wp\/v2\/pages\/882\/revisions"}],"predecessor-version":[{"id":4601,"href":"https:\/\/legio.fi\/en\/wp-json\/wp\/v2\/pages\/882\/revisions\/4601"}],"wp:attachment":[{"href":"https:\/\/legio.fi\/en\/wp-json\/wp\/v2\/media?parent=882"}],"curies":[{"name":"wp","href":"https:\/\/api.w.org\/{rel}","templated":true}]}}